{"id":677,"date":"2017-12-14T13:25:42","date_gmt":"2017-12-14T12:25:42","guid":{"rendered":"http:\/\/www.akzent-palma.com\/relaunch2018\/imprint\/"},"modified":"2024-11-13T16:26:51","modified_gmt":"2024-11-13T15:26:51","slug":"imprint-2","status":"publish","type":"page","link":"https:\/\/www.akzent-palma.com\/en\/imprint-2\/","title":{"rendered":"Imprint"},"content":{"rendered":"<section class=\"l-section wpb_row height_auto width_full\"><div class=\"l-section-h i-cf\"><div class=\"g-cols vc_row via_flex valign_top type_default stacking_default\"><div class=\"vc_col-sm-12 wpb_column vc_column_container\"><div class=\"vc_column-inner\"><div class=\"wpb_wrapper\"><div class=\"w-image align_center\"><div class=\"w-image-h\"><img decoding=\"async\" width=\"2800\" height=\"714\" src=\"https:\/\/www.akzent-palma.com\/relaunch2018\/wp-content\/uploads\/sprachschule-sprachreise-spanien.jpg\" class=\"attachment-full size-full\" alt=\"\" loading=\"lazy\" srcset=\"https:\/\/www.akzent-palma.com\/relaunch2018\/wp-content\/uploads\/sprachschule-sprachreise-spanien.jpg 2800w, https:\/\/www.akzent-palma.com\/relaunch2018\/wp-content\/uploads\/sprachschule-sprachreise-spanien-450x115.jpg 450w, https:\/\/www.akzent-palma.com\/relaunch2018\/wp-content\/uploads\/sprachschule-sprachreise-spanien-768x196.jpg 768w, https:\/\/www.akzent-palma.com\/relaunch2018\/wp-content\/uploads\/sprachschule-sprachreise-spanien-1024x261.jpg 1024w\" sizes=\"auto, (max-width: 2800px) 100vw, 2800px\" \/><\/div><\/div><\/div><\/div><\/div><\/div><\/div><\/section><section class=\"l-section wpb_row height_medium\"><div class=\"l-section-h i-cf\"><div class=\"g-cols vc_row via_flex valign_top type_default stacking_default\"><div class=\"vc_col-sm-9 wpb_column vc_column_container\"><div class=\"vc_column-inner\"><div class=\"wpb_wrapper\"><div id=\"ultimate-heading-879869f5f0a6c72fe\" class=\"uvc-heading ult-adjust-bottom-margin ultimate-heading-879869f5f0a6c72fe uvc-2507 \" data-hspacer=\"no_spacer\"  data-halign=\"left\" style=\"text-align:left\"><div class=\"uvc-heading-spacer no_spacer\" style=\"top\"><\/div><div class=\"uvc-main-heading ult-responsive\"  data-ultimate-target='.uvc-heading.ultimate-heading-879869f5f0a6c72fe h1'  data-responsive-json-new='{\"font-size\":\"\",\"line-height\":\"\"}' ><h1 style=\"font-weight:normal;margin-bottom:45px;\">Imprint<\/h1><\/div><div class=\"uvc-sub-heading ult-responsive\"  data-ultimate-target='.uvc-heading.ultimate-heading-879869f5f0a6c72fe .uvc-sub-heading '  data-responsive-json-new='{\"font-size\":\"\",\"line-height\":\"\"}'  style=\"font-weight:normal;\"><strong>Elena Meliveo<\/strong><br \/>\nAkzent S.L.U.<br \/>\nCarme, 14<br \/>\nE &#8211; 07003 Palma de Mallorca<br \/>\nSpain<\/p>\n<p><strong>Contact:<\/strong><br \/>\nPhone: <a href=\"tel:+34971719994\">+34 971 719 994<\/a><br \/>\nPhone: <a href=\"tel:+34971228129\">+34 971 228 129<\/a><br \/>\nMobile: +34 639 448 008<br \/>\n<a href=\"mailto:idiomas@akzent-palma.com\">idiomas@akzent-palma.com<\/a><br \/>\n<a href=\"#\">www.akzent-palma.com\/de<\/a><\/p>\n<p>Umsatzsteuer-Identifikationsnummer gem\u00e4\u00df \u00a727 a Umsatzsteuergesetz:<br \/>\nAufsichtsbeh\u00f6rde:<\/p>\n<p>Verantwortlich f\u00fcr den Inhalt<br \/>\nAkzent S.L.U.<br \/>\nPalma de Mallorca<\/p>\n<p><strong>Idee &amp; Bilder<\/strong><br \/>\n\u00a9emma von bergenspitz<\/p>\n<p><strong>Layout &amp; Development<br \/>\n<\/strong> <a href=\"https:\/\/www.szanto-medien.de\/\" target=\"_blank\" rel=\"noopener noreferrer\">SZANTO MEDIEN<\/a><\/p>\n<p><strong>Haftung f\u00fcr Inhalte<\/strong><br \/>\nAls Diensteanbieter sind wir gem\u00e4\u00df \u00a7 7 Abs.1 TMG f\u00fcr eigene Inhalte\u00a0 auf diesen Seiten nach den allgemeinen Gesetzen verantwortlich. Nach \u00a7\u00a7 8 bis 10 TMG sind wir als Diensteanbieter jedoch nicht verpflichtet, \u00fcbermittelte oder gespeicherte fremde Informationen zu \u00fcberwachen oder nach Umst\u00e4nden zu forschen, die auf eine rechtswidrige T\u00e4tigkeit<br \/>\nhinweisen.Verpflichtungen zur Entfernung oder Sperrung der Nutzung von Informationen nach den allgemeinen Gesetzen bleiben hiervon unber\u00fchrt. Eine diesbez\u00fcgliche Haftung ist jedoch erst ab dem Zeitpunkt der Kenntnis einer konkreten Rechtsverletzung m\u00f6glich. Bei Bekanntwerden von entsprechenden Rechtsverletzungen werden wir diese Inhalte umgehend entfernen.<\/p>\n<p><strong>Haftung f\u00fcr Links<\/strong><br \/>\nUnser Angebot enth\u00e4lt Links zu externen Webseiten Dritter, auf deren Inhalte wir keinen Einfluss haben. Deshalb k\u00f6nnen wir f\u00fcr diese\u00a0 fremden Inhalte auch keine Gew\u00e4hr \u00fcbernehmen. F\u00fcr die Inhalte der verlinkten Seiten ist stets der jeweilige Anbieter oder Betreiber der Seiten verantwortlich. Die verlinkten Seiten wurden zum Zeitpunkt der<br \/>\nVerlinkung auf m\u00f6gliche Rechtsverst\u00f6\u00dfe \u00fcberpr\u00fcft. Rechtswidrige\u00a0 Inhalte waren zum Zeitpunkt der Verlinkung nicht erkennbar.<\/p>\n<p><strong>Urheberrecht<\/strong><br \/>\nDie durch die Seitenbetreiber erstellten Inhalte und Werke auf diesen\u00a0 Seiten unterliegen dem spanischenUrheberrecht. Die Vervielf\u00e4ltigung, Bearbeitung, Verbreitung und jede Art der Verwertung au\u00dferhalb der Grenzen des Urheberrechtes bed\u00fcrfen der schriftlichen Zustimmung des jeweiligen Autors bzw. Erstellers. Soweit die Inhalte auf dieser Seite nicht vom Betreiber erstellt wurden, werden die Urheberrechte Dritter beachtet. Insbesondere werden Inhalte Dritter als solche\u00a0 gekennzeichnet.<\/p>\n<p>Quelle: e-recht24.de<\/div><\/div><\/div><\/div><\/div><div class=\"vc_col-sm-3 wpb_column vc_column_container\"><div class=\"vc_column-inner\"><div class=\"wpb_wrapper\"><\/div><\/div><\/div><\/div><\/div><\/section><section class=\"l-section wpb_row height_auto width_full\"><div class=\"l-section-h i-cf\"><div class=\"g-cols vc_row via_flex valign_top type_default stacking_default\"><div class=\"vc_col-sm-12 wpb_column vc_column_container\"><div class=\"vc_column-inner\"><div class=\"wpb_wrapper\"><div class=\"w-image align_center\"><div class=\"w-image-h\"><img decoding=\"async\" width=\"1920\" height=\"714\" src=\"https:\/\/www.akzent-palma.com\/relaunch2018\/wp-content\/uploads\/buchhandlung-palma-de-mallorca.jpg\" class=\"attachment-full size-full\" alt=\"\" loading=\"lazy\" srcset=\"https:\/\/www.akzent-palma.com\/relaunch2018\/wp-content\/uploads\/buchhandlung-palma-de-mallorca.jpg 1920w, https:\/\/www.akzent-palma.com\/relaunch2018\/wp-content\/uploads\/buchhandlung-palma-de-mallorca-450x167.jpg 450w, https:\/\/www.akzent-palma.com\/relaunch2018\/wp-content\/uploads\/buchhandlung-palma-de-mallorca-768x286.jpg 768w, https:\/\/www.akzent-palma.com\/relaunch2018\/wp-content\/uploads\/buchhandlung-palma-de-mallorca-1024x381.jpg 1024w\" sizes=\"auto, (max-width: 1920px) 100vw, 1920px\" \/><\/div><\/div><\/div><\/div><\/div><\/div><\/div><\/section>\n","protected":false},"excerpt":{"rendered":"ImprintElena Meliveo Akzent S.L.U. Carme, 14 E - 07003 Palma de Mallorca Spain Contact: Phone: +34 971 719 994 Phone: +34 971 228 129 Mobile: +34 639 448 008 idiomas@akzent-palma.com www.akzent-palma.com\/de Umsatzsteuer-Identifikationsnummer gem\u00e4\u00df \u00a727 a Umsatzsteuergesetz: Aufsichtsbeh\u00f6rde: Verantwortlich f\u00fcr den Inhalt Akzent S.L.U. Palma de Mallorca Idee &amp; Bilder \u00a9emma von bergenspitz Layout &amp; Development...","protected":false},"author":1,"featured_media":0,"parent":0,"menu_order":0,"comment_status":"closed","ping_status":"closed","template":"","meta":{"footnotes":""},"class_list":["post-677","page","type-page","status-publish","hentry"],"aioseo_notices":[],"_links":{"self":[{"href":"https:\/\/www.akzent-palma.com\/en\/wp-json\/wp\/v2\/pages\/677","targetHints":{"allow":["GET"]}}],"collection":[{"href":"https:\/\/www.akzent-palma.com\/en\/wp-json\/wp\/v2\/pages"}],"about":[{"href":"https:\/\/www.akzent-palma.com\/en\/wp-json\/wp\/v2\/types\/page"}],"author":[{"embeddable":true,"href":"https:\/\/www.akzent-palma.com\/en\/wp-json\/wp\/v2\/users\/1"}],"replies":[{"embeddable":true,"href":"https:\/\/www.akzent-palma.com\/en\/wp-json\/wp\/v2\/comments?post=677"}],"version-history":[{"count":5,"href":"https:\/\/www.akzent-palma.com\/en\/wp-json\/wp\/v2\/pages\/677\/revisions"}],"predecessor-version":[{"id":1753,"href":"https:\/\/www.akzent-palma.com\/en\/wp-json\/wp\/v2\/pages\/677\/revisions\/1753"}],"wp:attachment":[{"href":"https:\/\/www.akzent-palma.com\/en\/wp-json\/wp\/v2\/media?parent=677"}],"curies":[{"name":"wp","href":"https:\/\/api.w.org\/{rel}","templated":true}]}}